{"id":30,"date":"2023-11-08T00:30:14","date_gmt":"2023-11-07T23:30:14","guid":{"rendered":"https:\/\/piusvdeblin.pl\/?page_id=30"},"modified":"2026-04-26T07:40:30","modified_gmt":"2026-04-26T05:40:30","slug":"intencje","status":"publish","type":"page","link":"https:\/\/piusvdeblin.pl\/index.php\/intencje\/","title":{"rendered":"INTENCJE"},"content":{"rendered":"<p>&nbsp;<\/p>\n<p>&nbsp;<\/p>\n<p>&nbsp;<\/p>\n<p><strong>IV Niedziela Wielkanocna 26.04<\/strong><\/p>\n<p><strong>Godz. 8.00<\/strong> + J\u00f3zefa, J\u00f3zef\u0119, Mariana, Ryszarda, Jana, Halin\u0119, Stanis\u0142aw\u0119 zm. zr. Guga\u0142\u00f3w, Nagadowskich i Roberta Lisowskiego<\/p>\n<p><strong>Godz. 10.00 <\/strong>&nbsp;+ Mariann\u0119 i Ignacego Agackich i zm. zr. Agackich<\/p>\n<p><strong>Godz. 10.00<\/strong> &#8211; Dzi\u0119k-b\u0142. w 50r. \u015blubu Zenobii i Stefana Golubiec o Bo\u017ce b\u0142ogos\u0142awie\u0144stwo, potrzebne \u0142aski, opiek\u0119 Matki Bo\u017cej \u2013 of. C\u00f3rki z Rodzinami<\/p>\n<p><strong>Godz. 10.00<\/strong> \u2013 Chrzest Leon<\/p>\n<p><strong>Godz. 12.00 <\/strong>&nbsp;&#8211; Odpust \u015aw. Piusa V Papie\u017ca &#8211; za Parafian<\/p>\n<p><strong>Godz. 17.00<\/strong> + Bogdana Pataja 5r. i Barbar\u0119 Pataj<\/p>\n<p>&nbsp;<\/p>\n<p><strong>Intencje Mszalne od &nbsp;27 kwietnia do 03 maja 2026r.<\/strong><\/p>\n<p><strong>&nbsp;<\/strong><\/p>\n<p><strong>&nbsp;<\/strong><\/p>\n<p><strong>Poniedzia\u0142ek 27.04<\/strong><\/p>\n<p><strong>Godz. 7.00<\/strong> + Jerzego 4r., Regin\u0119, Rudolfa, Andrzeja, Janusza zm. zr. Wrzal\u00f3w, Natali\u0119, Henryka zm. zr. Korzeneckich<\/p>\n<p><strong>Godz. 18.00<\/strong> + Teodor\u0119, Kazimierza, Micha\u0142a, Wiktori\u0119, Stanis\u0142awa Jopek, Tomasza Wojciechowskiego<\/p>\n<p>&nbsp;<\/p>\n<p><strong>Wtorek &nbsp;28.04<\/strong><\/p>\n<p><strong>Godz. 7.00 <\/strong>+ Grzegorza Grabowskiego \u2013 of. Wanda z Rodzin\u0105 z Tarnowa<\/p>\n<p><strong>Godz. 18.00 &#8211; <\/strong>Dzi\u0119k-b\u0142. w 97r. urodzin Zdzis\u0142awy Czapskiej o Bo\u017ce b\u0142ogos\u0142awie\u0144stwo, potrzebne \u0142aski, opiek\u0119 Matki Bo\u017cej \u2013 of. Syn z Rodzin\u0105<\/p>\n<p><strong>Godz. 18.00 <\/strong>+ Jadwig\u0119 \u0106wik \u2013 of. Syn Dariusz z Rodzin\u0105<\/p>\n<p><strong>&nbsp;<\/strong><\/p>\n<p><strong>\u015aroda 29.04<\/strong><\/p>\n<p><strong>Godz. 7.00<\/strong> + Grzegorza Grabowskiego \u2013 of. Bo\u017cena z Rodzin\u0105 z Kielc<\/p>\n<p><strong>Godz. 18.00 &#8211; <\/strong>Dzi\u0119k-b\u0142. w 18r. urodzin Jana i 50r. urodzin Piotra o Bo\u017ce b\u0142ogos\u0142awie\u0144stwo, potrzebne \u0142aski, opiek\u0119 Matki Bo\u017cej<\/p>\n<p><strong>Godz. 18.00 <\/strong>+ Jadwig\u0119 \u0106wik \u2013 of. Syn Andrzej z Rodzin\u0105&nbsp;&nbsp;<\/p>\n<p>&nbsp;<\/p>\n<p><strong>Czwartek 30.04<\/strong><\/p>\n<p><strong>Godz. 7.00<\/strong> + Jadwig\u0119 \u0106wik \u2013 of. Koledzy Syna Dariusza z OSP Kletnia<\/p>\n<p><strong>Godz. 18.00<\/strong> <strong>&#8211; Odpust \u015aw. Piusa za zmar\u0142ych na Cmentarzu Parafialnym<\/strong><\/p>\n<p><strong>&nbsp;<\/strong><\/p>\n<p><strong>Pi\u0105tek 01.05<\/strong><\/p>\n<p><strong>Godz. 7.00<\/strong> + Natali\u0119, Wac\u0142awa Rodak rocznica \u015bmierci<\/p>\n<p><strong>Godz. 18.00<\/strong> + Wies\u0142awa Bek \u2013 msza greg. \u2013 poza parafi\u0105 \u2013 of. Mama i Rodze\u0144stwo<\/p>\n<p><strong>Godz. 18.00<\/strong> <strong>&#8211; <\/strong>Dzi\u0119k-b\u0142. o Bo\u017ce b\u0142ogos\u0142awie\u0144stwo, potrzebne \u0142aski, opiek\u0119 Matki Bo\u017cej dla Zbigniewa i Natalii w 9r. \u015blubu oraz Ich Dzieci Jasia i Mai<\/p>\n<p>&nbsp;<\/p>\n<p><strong>Sobota Uroczysto\u015b\u0107 NMP Kr\u00f3lowej Polski 02.05<\/strong><\/p>\n<p><strong>Godz. 8.00 <\/strong>+ Zenona r., Zofi\u0119, Mariana Maci\u0105g, J\u00f3zef\u0119, Jana Wi\u015bniewskich zm. zr. Banych, Wi\u015bniewskich, Henryka Jankowskiego<\/p>\n<p><strong>Godz. 10.00<\/strong> \u2013 Dzi\u0119k-b\u0142. w intencji Rodzin przyjmuj\u0105cych obraz Matki Bo\u017cej Pielgrzymuj\u0105cej o Bo\u017ce b\u0142ogos\u0142awie\u0144stwo, potrzebne \u0142aski, opiek\u0119 Matki<\/p>\n<p><strong>Godz. 15.00<\/strong> \u2013 \u015alub Natalia i Krystian<\/p>\n<p><strong>Godz. 18.00<\/strong> + Wies\u0142awa Bek \u2013 msza greg. \u2013 poza parafi\u0105 \u2013 of. Mama i Rodze\u0144stwo<\/p>\n<p><strong>Godz. 18.00<\/strong> + Stanis\u0142aw\u0119, J\u00f3zefa Czaplickich, Nikodema i Helen\u0119 Grz\u0119d\u00f3w<\/p>\n<p>&nbsp;<\/p>\n<p><strong>V Niedziela Wielkanocna 03.05<\/strong><\/p>\n<p><strong>Godz. 8.00<\/strong> + Janin\u0119, W\u0142adys\u0142awa, Wiraszka, Mariol\u0119, Mariana Gr\u0105\u017cka, Marka Wiraszk\u0119 \u2013 of. Syn z Rodzin\u0105<\/p>\n<p><strong>Godz. 8.00<\/strong> + Wies\u0142awa Bek \u2013 msza greg.\u2013 of. Mama i Rodze\u0144stwo<\/p>\n<p><strong>Godz. 10.00 <\/strong>&nbsp;&#8211; W intencji Ojczyzny<\/p>\n<p><strong>Godz. 12.00<\/strong> \u2013 O Bo\u017ce b\u0142ogos\u0142awie\u0144stwo dla Moniki i Adama \u015awi\u0105tek w rocznic\u0119 \u015blubu oraz o B\u0142ogos\u0142awie\u0144stwo dla Syn\u00f3w<\/p>\n<p><strong>Godz. 12.00 <\/strong>&nbsp;&#8211; Odpust NMP Kr\u00f3lowej Polski \u2013 Kaplica Mas\u00f3w \u2013 Za Parafian<\/p>\n<p><strong>Godz. 17.00<\/strong> + Regin\u0119 i J\u00f3zefa D\u0105browskich, Henryk\u0119, Augustyna Walasek<\/p>\n","protected":false},"excerpt":{"rendered":"<p>&nbsp; &nbsp; &nbsp; IV Niedziela Wielkanocna 26.04 Godz. 8.00 + J\u00f3zefa, J\u00f3zef\u0119, Mariana, Ryszarda, Jana, Halin\u0119, Stanis\u0142aw\u0119 zm. zr. Guga\u0142\u00f3w, Nagadowskich i Roberta Lisowskiego Godz. 10.00 &nbsp;+ Mariann\u0119 i Ignacego Agackich i zm. zr. Agackich Godz. 10.00 &#8211; Dzi\u0119k-b\u0142. w 50r. \u015blubu Zenobii i Stefana Golubiec o Bo\u017ce b\u0142ogos\u0142awie\u0144stwo, potrzebne \u0142aski, opiek\u0119 Matki Bo\u017cej \u2013 of. C\u00f3rki z Rodzinami Godz. 10.00 \u2013 Chrzest Leon Godz. 12.00 &nbsp;&#8211; Odpust \u015aw. Piusa V Papie\u017ca &#8211; za Parafian Godz. 17.00 + Bogdana Pataja 5r. i Barbar\u0119 Pataj &nbsp; Intencje Mszalne od &nbsp;27 kwietnia do 03 maja 2026r. &nbsp; &nbsp; Poniedzia\u0142ek 27.04 Godz. 7.00 + Jerzego 4r., Regin\u0119, Rudolfa, Andrzeja, Janusza zm. zr. Wrzal\u00f3w, Natali\u0119, Henryka zm. zr. Korzeneckich Godz. 18.00 + Teodor\u0119, Kazimierza, Micha\u0142a, Wiktori\u0119, Stanis\u0142awa Jopek, Tomasza Wojciechowskiego &nbsp; Wtorek &nbsp;28.04 Godz. 7.00 + Grzegorza Grabowskiego \u2013 of. Wanda z Rodzin\u0105 z Tarnowa Godz. 18.00 &#8211; Dzi\u0119k-b\u0142. w 97r. urodzin Zdzis\u0142awy Czapskiej o Bo\u017ce b\u0142ogos\u0142awie\u0144stwo, potrzebne \u0142aski, opiek\u0119 Matki Bo\u017cej \u2013 of. Syn z Rodzin\u0105 Godz. 18.00 + Jadwig\u0119 \u0106wik \u2013 of. Syn Dariusz z Rodzin\u0105 &nbsp; \u015aroda 29.04 Godz. 7.00 + Grzegorza Grabowskiego \u2013 of. Bo\u017cena z Rodzin\u0105 z Kielc Godz. 18.00 &#8211; Dzi\u0119k-b\u0142. w 18r. urodzin Jana i 50r. urodzin Piotra o Bo\u017ce b\u0142ogos\u0142awie\u0144stwo, potrzebne \u0142aski, opiek\u0119 Matki Bo\u017cej Godz. 18.00 + Jadwig\u0119 \u0106wik \u2013 of. Syn Andrzej z Rodzin\u0105&nbsp;&nbsp; &nbsp; Czwartek 30.04 Godz. 7.00 + Jadwig\u0119 \u0106wik \u2013 of. Koledzy Syna Dariusza z OSP Kletnia Godz. 18.00 &#8211; Odpust \u015aw. Piusa za zmar\u0142ych na Cmentarzu Parafialnym &nbsp; Pi\u0105tek 01.05 Godz. 7.00 + Natali\u0119, Wac\u0142awa Rodak rocznica \u015bmierci Godz. 18.00 + Wies\u0142awa Bek \u2013 msza greg. \u2013 poza parafi\u0105 \u2013 of. Mama i Rodze\u0144stwo Godz. 18.00 &#8211; Dzi\u0119k-b\u0142. o Bo\u017ce b\u0142ogos\u0142awie\u0144stwo, potrzebne \u0142aski, opiek\u0119 Matki Bo\u017cej dla Zbigniewa i Natalii w 9r. \u015blubu oraz Ich Dzieci Jasia i Mai &nbsp; Sobota Uroczysto\u015b\u0107 NMP Kr\u00f3lowej Polski 02.05 Godz. 8.00 + Zenona r., Zofi\u0119, Mariana Maci\u0105g, J\u00f3zef\u0119, Jana Wi\u015bniewskich zm. zr. Banych, Wi\u015bniewskich, Henryka Jankowskiego Godz. 10.00 \u2013 Dzi\u0119k-b\u0142. w intencji Rodzin przyjmuj\u0105cych obraz Matki Bo\u017cej Pielgrzymuj\u0105cej o Bo\u017ce b\u0142ogos\u0142awie\u0144stwo, potrzebne \u0142aski, opiek\u0119 Matki Godz. 15.00 \u2013 \u015alub Natalia i Krystian Godz. 18.00 + Wies\u0142awa Bek \u2013 msza greg. \u2013 poza parafi\u0105 \u2013 of. Mama i Rodze\u0144stwo Godz. 18.00 + Stanis\u0142aw\u0119, J\u00f3zefa Czaplickich, Nikodema i Helen\u0119 Grz\u0119d\u00f3w &nbsp; V Niedziela Wielkanocna 03.05 Godz. 8.00 + Janin\u0119, W\u0142adys\u0142awa, Wiraszka, Mariol\u0119, Mariana Gr\u0105\u017cka, Marka Wiraszk\u0119 \u2013 of. Syn z Rodzin\u0105 Godz. 8.00 + Wies\u0142awa Bek \u2013 msza greg.\u2013 of. Mama i Rodze\u0144stwo Godz. 10.00 &nbsp;&#8211; W intencji Ojczyzny Godz. 12.00 \u2013 O Bo\u017ce b\u0142ogos\u0142awie\u0144stwo dla Moniki i Adama \u015awi\u0105tek w rocznic\u0119 \u015blubu oraz o B\u0142ogos\u0142awie\u0144stwo dla Syn\u00f3w Godz. 12.00 &nbsp;&#8211; Odpust NMP Kr\u00f3lowej Polski \u2013 Kaplica Mas\u00f3w \u2013 Za Parafian Godz. 17.00 + Regin\u0119 i J\u00f3zefa D\u0105browskich, Henryk\u0119, Augustyna Walasek<\/p>\n","protected":false},"author":1,"featured_media":0,"parent":0,"menu_order":0,"comment_status":"closed","ping_status":"closed","template":"","meta":{"ngg_post_thumbnail":0,"footnotes":""},"class_list":["post-30","page","type-page","status-publish","hentry"],"_links":{"self":[{"href":"https:\/\/piusvdeblin.pl\/index.php\/wp-json\/wp\/v2\/pages\/30","targetHints":{"allow":["GET"]}}],"collection":[{"href":"https:\/\/piusvdeblin.pl\/index.php\/wp-json\/wp\/v2\/pages"}],"about":[{"href":"https:\/\/piusvdeblin.pl\/index.php\/wp-json\/wp\/v2\/types\/page"}],"author":[{"embeddable":true,"href":"https:\/\/piusvdeblin.pl\/index.php\/wp-json\/wp\/v2\/users\/1"}],"replies":[{"embeddable":true,"href":"https:\/\/piusvdeblin.pl\/index.php\/wp-json\/wp\/v2\/comments?post=30"}],"version-history":[{"count":166,"href":"https:\/\/piusvdeblin.pl\/index.php\/wp-json\/wp\/v2\/pages\/30\/revisions"}],"predecessor-version":[{"id":2851,"href":"https:\/\/piusvdeblin.pl\/index.php\/wp-json\/wp\/v2\/pages\/30\/revisions\/2851"}],"wp:attachment":[{"href":"https:\/\/piusvdeblin.pl\/index.php\/wp-json\/wp\/v2\/media?parent=30"}],"curies":[{"name":"wp","href":"https:\/\/api.w.org\/{rel}","templated":true}]}}