{"id":33,"date":"2023-11-08T00:30:33","date_gmt":"2023-11-07T23:30:33","guid":{"rendered":"https:\/\/piusvdeblin.pl\/?page_id=33"},"modified":"2023-11-08T02:03:06","modified_gmt":"2023-11-08T01:03:06","slug":"sakramenty","status":"publish","type":"page","link":"https:\/\/piusvdeblin.pl\/index.php\/sakramenty\/","title":{"rendered":"SAKRAMENTY"},"content":{"rendered":"<h3><strong>Dokumenty niezb\u0119dne do zapisania dziecka do Chrztu<\/strong><\/h3>\n<ol>\n<li>Akt urodzenia dziecka<\/li>\n<li>\u015awiadectwo \u015blubu ko\u015bcielnego rodzic\u00f3w dziecka je\u015bli \u015blub by\u0142 poza parafi\u0105<\/li>\n<li>Za\u015bwiadczenia od rodzic\u00f3w chrzestnych z ich parafii zamieszkania, \u017ce s\u0105 katolikami wierz\u0105cymi i praktykuj\u0105cymi (kandydat na chrzestnego musi mie\u0107 sko\u0144czone 16 lat \u017cycia i przyj\u0119ty sakrament bierzmowania)<\/li>\n<li>z kompletem dokument\u00f3w udajemy si\u0119 do kancelarii parafialnej<\/li>\n<\/ol>\n<h3><strong>Dokumenty potrzebne do zawarcia Sakramentu Ma\u0142\u017ce\u0144stwa<\/strong><\/h3>\n<ol>\n<li>Dowody osobiste nupturient\u00f3w (os\u00f3b maj\u0105cych zawrze\u0107 zwi\u0105zek ma\u0142\u017ce\u0144ski)<\/li>\n<li>\u015awiadectwa chrztu (do \u015blubu ko\u015bcielnego) z aktualn\u0105 dat\u0105 wystawienia, je\u017celi na \u015bwiadectwie chrztu w uwagach nie ma informacji o przyj\u0119ciu sakramentu bierzmowania to dodatkowo \u015bwiadectwo bierzmowania, z parafii w kt\u00f3rej sakrament by\u0142 przyj\u0119ty<\/li>\n<li>\u015awiadectwa nauki religii z ostatniej klasy szko\u0142y ponadpodstawowej<\/li>\n<li>Za\u015bwiadczenie uczestnictwa w katechezie przedma\u0142\u017ce\u0144skiej z poradni\u0105 rodzinn\u0105<\/li>\n<li>Dokumenty z Urz\u0119du Stanu Cywilnego do \u015blubu konkordatowego (wa\u017cne tylko 90 dni) lub akt zawarcia zwi\u0105zku cywilnego w USC<\/li>\n<li>Osobiste zg\u0142oszenie si\u0119 w kancelarii parafialnej 3 miesi\u0105ce przed planowanym \u015blubem<\/li>\n<\/ol>\n<h3><strong>Dokumenty potrzebne przy za\u0142atwianiu Pogrzebu Katolickiego<\/strong><\/h3>\n<ol>\n<li>O \u015bmierci nale\u017cy powiadomi\u0107 miejscowego duszpasterza lub zarz\u0105dc\u0119 cmentarza parafialnego przed za\u0142atwieniem wszelkich formalno\u015bci w zak\u0142adzie pogrzebowym \u2013 wtedy bli\u017csze informacje.<\/li>\n<li>Rodzina powinna zadba\u0107 o to, aby chory\u00a0 pojedna\u0142\u00a0 si\u0119 z Bogiem przed \u015bmierci\u0105 \u2013 nie odk\u0142ada\u0107 przyj\u0119cia sakramentu chorych na ostatni\u0105 chwil\u0119 bo jest to sakrament dla \u017cyj\u0105cych, umacnia w cierpieniu i toruje drog\u0119 do nieba.<\/li>\n<li>Akt zgonu z USC, po wpisaniu do ksi\u0119gi zmar\u0142ych w parafii do zwrotu,\u00a0\u00a0\u00a0 a tak\u017ce karta zgonu jako dokument konieczny do pochowania na parafialnym cmentarzu.<\/li>\n<li>Dokument potwierdzaj\u0105cy przyj\u0119cie sakramentu chorych.<\/li>\n<\/ol>\n","protected":false},"excerpt":{"rendered":"<p>Dokumenty niezb\u0119dne do zapisania dziecka do Chrztu Akt urodzenia dziecka \u015awiadectwo \u015blubu ko\u015bcielnego rodzic\u00f3w dziecka je\u015bli \u015blub by\u0142 poza parafi\u0105 Za\u015bwiadczenia od rodzic\u00f3w chrzestnych z ich parafii zamieszkania, \u017ce s\u0105 katolikami wierz\u0105cymi i praktykuj\u0105cymi (kandydat na chrzestnego musi mie\u0107 sko\u0144czone 16 lat \u017cycia i przyj\u0119ty sakrament bierzmowania) z kompletem dokument\u00f3w udajemy si\u0119 do kancelarii parafialnej Dokumenty potrzebne do zawarcia Sakramentu Ma\u0142\u017ce\u0144stwa Dowody osobiste nupturient\u00f3w (os\u00f3b maj\u0105cych zawrze\u0107 zwi\u0105zek ma\u0142\u017ce\u0144ski) \u015awiadectwa chrztu (do \u015blubu ko\u015bcielnego) z aktualn\u0105 dat\u0105 wystawienia, je\u017celi na \u015bwiadectwie chrztu w uwagach nie ma informacji o przyj\u0119ciu sakramentu bierzmowania to dodatkowo \u015bwiadectwo bierzmowania, z parafii w kt\u00f3rej sakrament by\u0142 przyj\u0119ty \u015awiadectwa nauki religii z ostatniej klasy szko\u0142y ponadpodstawowej Za\u015bwiadczenie uczestnictwa w katechezie przedma\u0142\u017ce\u0144skiej z poradni\u0105 rodzinn\u0105 Dokumenty z Urz\u0119du Stanu Cywilnego do \u015blubu konkordatowego (wa\u017cne tylko 90 dni) lub akt zawarcia zwi\u0105zku cywilnego w USC Osobiste zg\u0142oszenie si\u0119 w kancelarii parafialnej 3 miesi\u0105ce przed planowanym \u015blubem Dokumenty potrzebne przy za\u0142atwianiu Pogrzebu Katolickiego O \u015bmierci nale\u017cy powiadomi\u0107 miejscowego duszpasterza lub zarz\u0105dc\u0119 cmentarza parafialnego przed za\u0142atwieniem wszelkich formalno\u015bci w zak\u0142adzie pogrzebowym \u2013 wtedy bli\u017csze informacje. Rodzina powinna zadba\u0107 o to, aby chory\u00a0 pojedna\u0142\u00a0 si\u0119 z Bogiem przed \u015bmierci\u0105 \u2013 nie odk\u0142ada\u0107 przyj\u0119cia sakramentu chorych na ostatni\u0105 chwil\u0119 bo jest to sakrament dla \u017cyj\u0105cych, umacnia w cierpieniu i toruje drog\u0119 do nieba. Akt zgonu z USC, po wpisaniu do ksi\u0119gi zmar\u0142ych w parafii do zwrotu,\u00a0\u00a0\u00a0 a tak\u017ce karta zgonu jako dokument konieczny do pochowania na parafialnym cmentarzu. Dokument potwierdzaj\u0105cy przyj\u0119cie sakramentu chorych.<\/p>\n","protected":false},"author":1,"featured_media":0,"parent":0,"menu_order":0,"comment_status":"closed","ping_status":"closed","template":"","meta":{"ngg_post_thumbnail":0,"footnotes":""},"class_list":["post-33","page","type-page","status-publish","hentry"],"_links":{"self":[{"href":"https:\/\/piusvdeblin.pl\/index.php\/wp-json\/wp\/v2\/pages\/33","targetHints":{"allow":["GET"]}}],"collection":[{"href":"https:\/\/piusvdeblin.pl\/index.php\/wp-json\/wp\/v2\/pages"}],"about":[{"href":"https:\/\/piusvdeblin.pl\/index.php\/wp-json\/wp\/v2\/types\/page"}],"author":[{"embeddable":true,"href":"https:\/\/piusvdeblin.pl\/index.php\/wp-json\/wp\/v2\/users\/1"}],"replies":[{"embeddable":true,"href":"https:\/\/piusvdeblin.pl\/index.php\/wp-json\/wp\/v2\/comments?post=33"}],"version-history":[{"count":4,"href":"https:\/\/piusvdeblin.pl\/index.php\/wp-json\/wp\/v2\/pages\/33\/revisions"}],"predecessor-version":[{"id":93,"href":"https:\/\/piusvdeblin.pl\/index.php\/wp-json\/wp\/v2\/pages\/33\/revisions\/93"}],"wp:attachment":[{"href":"https:\/\/piusvdeblin.pl\/index.php\/wp-json\/wp\/v2\/media?parent=33"}],"curies":[{"name":"wp","href":"https:\/\/api.w.org\/{rel}","templated":true}]}}